{"id":8197,"date":"2023-06-21T08:34:02","date_gmt":"2023-06-21T06:34:02","guid":{"rendered":"https:\/\/trueprojekte.com\/foto\/?page_id=8197"},"modified":"2023-06-25T18:52:01","modified_gmt":"2023-06-25T16:52:01","slug":"ausbildung","status":"publish","type":"page","link":"https:\/\/trueprojekte.com\/foto\/ausbildung\/","title":{"rendered":"Ausbildung"},"content":{"rendered":"<p>&nbsp;<\/p>\n<h3 style=\"text-align: center;\"><a href=\"https:\/\/trueprojekte.com\/foto\/fotografie_fortgeschrittene\/\" target=\"_blank\" rel=\"noopener\"><span style=\"color: #00ccff;\"><span style=\"color: #3366ff;\"><img loading=\"lazy\" decoding=\"async\" class=\"alignnone wp-image-8229 size-medium\" src=\"https:\/\/trueprojekte.com\/foto\/wp-content\/uploads\/Fortgeschrittene-300x300.png\" alt=\"\" width=\"300\" height=\"300\" srcset=\"https:\/\/trueprojekte.com\/foto\/wp-content\/uploads\/Fortgeschrittene-300x300.png 300w, https:\/\/trueprojekte.com\/foto\/wp-content\/uploads\/Fortgeschrittene-150x150.png 150w, https:\/\/trueprojekte.com\/foto\/wp-content\/uploads\/Fortgeschrittene.png 570w\" sizes=\"auto, (max-width: 300px) 100vw, 300px\" \/><\/span><\/span><\/a><span style=\"color: #00ccff;\"><span style=\"color: #3366ff;\"><a href=\"https:\/\/trueprojekte.com\/foto\/licht-in-der-fotografie\/\">\u00a0<\/a><a href=\"https:\/\/trueprojekte.com\/foto\/bilder_statt_foeteli\/\" target=\"_blank\" rel=\"noopener\"><img loading=\"lazy\" decoding=\"async\" class=\"alignnone wp-image-7173\" src=\"https:\/\/trueprojekte.com\/foto\/wp-content\/uploads\/Bilder-statt-2-300x300.png\" alt=\"\" width=\"310\" height=\"414\" \/><\/a><\/span><\/span><\/h3>\n<p style=\"text-align: center;\"><span style=\"font-size: 12pt;\"><span style=\"font-size: 14pt;\">Bildgestaltung f\u00fcr Fortgeschrittene<\/span><br \/>\n<\/span><span style=\"font-size: 12pt;\"> entstand aus Bildern im Fundus von True Photo f\u00fcr den Fotoclub Baar Inwil (<a href=\"https:\/\/www.fotoclub-fobi.ch\/\" target=\"_blank\" rel=\"noopener\">FOBI<\/a>)<\/span><\/p>\n<p style=\"text-align: center;\"><span style=\"font-size: 12pt;\"><span style=\"font-size: 14pt;\">Lichtgestaltung f\u00fcr Fortgeschrittene:<\/span><br \/>\nRiesendank an Darleen Pfister vom\u00a0<a href=\"https:\/\/generationentandem.ch\/\" target=\"_blank\" rel=\"noopener\">Generationentandem<\/a>, sehr begabt als Model und Kritikerin;<br \/>\nDaniel Br\u00e4ndli, dem bekannten Fotografen <a href=\"https:\/\/danbrandlee.ch\/\" target=\"_blank\" rel=\"noopener\">danbrandlee.ch \u00a0 <\/a>der die die Situationsbilder machte<br \/>\nsowie dem <a href=\"https:\/\/generationentandem.ch\/\" target=\"_blank\" rel=\"noopener\">Generationentandem\u00a0<\/a>\u00a0f\u00fcr Raum und Lampen<\/span><\/p>\n<p style=\"text-align: center;\"><span style=\"font-size: 12pt;\"><span style=\"font-size: 14pt;\">Bilder statt F\u00f6teli<\/span><br \/>\nentstand beim <a href=\"https:\/\/ggzferienpass.ch\/\" target=\"_blank\" rel=\"noopener\">ggz Ferienpass<\/a> f\u00fcr Jugendliche<\/span><\/p>\n<p style=\"text-align: center;\"><span style=\"font-size: 12pt;\"><br \/>\n<\/span><a href=\"https:\/\/trueprojekte.com\/foto\/anleitung\/\" target=\"_blank\" rel=\"noopener noreferrer\">Anleitung Gebrauch Gallery<\/a>\u00a0\u00a0<a href=\"https:\/\/trueprojekte.com\/foto\/shop\/Bilder-f%C3%BCr-elektronische-Ger%C3%A4te-und-Druck-c26456401\" target=\"_blank\" rel=\"noopener\">Bild bestellen im Shop <\/a>\u00a0oder via \u00a0\u00a0<a href=\"https:\/\/trueprojekte.com\/foto\/soll-ich-sie-kontaktieren\/\" target=\"_blank\" rel=\"noopener\">Kontakt<\/a>\u00a0\u00a0<a href=\"https:\/\/trueprojekte.com\/foto\/Recht%20am%20Bild.pdf\" target=\"_blank\" rel=\"noopener noreferrer\">Recht am Bild (pdf)<\/a><br \/>\n<a href=\"https:\/\/trueprojekte.com\/foto\/datenschutzerklaerung\/\" target=\"_blank\" rel=\"noopener noreferrer\"><span>Datenschutzerkl\u00e4rung <\/span><\/a><a title=\"viewbug photo contests\" href=\"https:\/\/www.viewbug.com\/member\/TruePhotos\"><img decoding=\"async\" class=\"aligncenter\" style=\"width: 50px;\" src=\"https:\/\/www.viewbug.com\/media\/images\/layout\/badges\/fantastic.png\" alt=\"viewbug photo contests\" \/><\/a><\/p>\n","protected":false},"excerpt":{"rendered":"<p>&nbsp; \u00a0 Bildgestaltung f\u00fcr Fortgeschrittene entstand aus Bildern im Fundus von True Photo f\u00fcr den Fotoclub Baar Inwil (FOBI) Lichtgestaltung f\u00fcr Fortgeschrittene: Riesendank an Darleen Pfister vom\u00a0Generationentandem, sehr begabt als Model und Kritikerin; Daniel Br\u00e4ndli, dem bekannten Fotografen danbrandlee.ch \u00a0 der die die Situationsbilder machte sowie dem Generationentandem\u00a0\u00a0f\u00fcr Raum und Lampen Bilder statt F\u00f6teli entstand [&hellip;]<\/p>\n","protected":false},"author":2,"featured_media":0,"parent":0,"menu_order":0,"comment_status":"closed","ping_status":"closed","template":"","meta":{"_editorskit_title_hidden":false,"_editorskit_reading_time":0,"_editorskit_is_block_options_detached":false,"_editorskit_block_options_position":"{}","_coblocks_attr":"","_coblocks_dimensions":"","_coblocks_responsive_height":"","_coblocks_accordion_ie_support":"","footnotes":""},"class_list":["post-8197","page","type-page","status-publish","hentry","content-columns-1"],"yoast_head":"<!-- This site is optimized with the Yoast SEO plugin v27.5 - https:\/\/yoast.com\/product\/yoast-seo-wordpress\/ -->\n<title>Ausbildung - Emotionale Portr\u00e4ts, originelle Wandbilder<\/title>\n<meta name=\"robots\" content=\"index, follow, max-snippet:-1, max-image-preview:large, max-video-preview:-1\" \/>\n<link rel=\"canonical\" href=\"https:\/\/trueprojekte.com\/foto\/ausbildung\/\" \/>\n<meta property=\"og:locale\" content=\"de_DE\" \/>\n<meta property=\"og:type\" content=\"article\" \/>\n<meta property=\"og:title\" content=\"Ausbildung - Emotionale Portr\u00e4ts, originelle Wandbilder\" \/>\n<meta property=\"og:description\" content=\"&nbsp; \u00a0 Bildgestaltung f\u00fcr Fortgeschrittene entstand aus Bildern im Fundus von True Photo f\u00fcr den Fotoclub Baar Inwil (FOBI) Lichtgestaltung f\u00fcr Fortgeschrittene: Riesendank an Darleen Pfister vom\u00a0Generationentandem, sehr begabt als Model und Kritikerin; Daniel Br\u00e4ndli, dem bekannten Fotografen danbrandlee.ch \u00a0 der die die Situationsbilder machte sowie dem Generationentandem\u00a0\u00a0f\u00fcr Raum und Lampen Bilder statt F\u00f6teli entstand [&hellip;]\" \/>\n<meta property=\"og:url\" content=\"https:\/\/trueprojekte.com\/foto\/ausbildung\/\" \/>\n<meta property=\"og:site_name\" content=\"Emotionale Portr\u00e4ts, originelle Wandbilder\" \/>\n<meta property=\"article:publisher\" content=\"https:\/\/www.facebook.com\/true3715\" \/>\n<meta property=\"article:modified_time\" content=\"2023-06-25T16:52:01+00:00\" \/>\n<meta property=\"og:image\" content=\"https:\/\/trueprojekte.com\/foto\/wp-content\/uploads\/Fortgeschrittene.png\" \/>\n\t<meta property=\"og:image:width\" content=\"570\" \/>\n\t<meta property=\"og:image:height\" content=\"570\" \/>\n\t<meta property=\"og:image:type\" content=\"image\/png\" \/>\n<script type=\"application\/ld+json\" class=\"yoast-schema-graph\">{\"@context\":\"https:\\\/\\\/schema.org\",\"@graph\":[{\"@type\":\"WebPage\",\"@id\":\"https:\\\/\\\/trueprojekte.com\\\/foto\\\/ausbildung\\\/\",\"url\":\"https:\\\/\\\/trueprojekte.com\\\/foto\\\/ausbildung\\\/\",\"name\":\"Ausbildung - Emotionale Portr\u00e4ts, originelle Wandbilder\",\"isPartOf\":{\"@id\":\"https:\\\/\\\/trueprojekte.com\\\/foto\\\/#website\"},\"primaryImageOfPage\":{\"@id\":\"https:\\\/\\\/trueprojekte.com\\\/foto\\\/ausbildung\\\/#primaryimage\"},\"image\":{\"@id\":\"https:\\\/\\\/trueprojekte.com\\\/foto\\\/ausbildung\\\/#primaryimage\"},\"thumbnailUrl\":\"https:\\\/\\\/trueprojekte.com\\\/foto\\\/wp-content\\\/uploads\\\/Fortgeschrittene-300x300.png\",\"datePublished\":\"2023-06-21T06:34:02+00:00\",\"dateModified\":\"2023-06-25T16:52:01+00:00\",\"breadcrumb\":{\"@id\":\"https:\\\/\\\/trueprojekte.com\\\/foto\\\/ausbildung\\\/#breadcrumb\"},\"inLanguage\":\"de\",\"potentialAction\":[{\"@type\":\"ReadAction\",\"target\":[\"https:\\\/\\\/trueprojekte.com\\\/foto\\\/ausbildung\\\/\"]}]},{\"@type\":\"ImageObject\",\"inLanguage\":\"de\",\"@id\":\"https:\\\/\\\/trueprojekte.com\\\/foto\\\/ausbildung\\\/#primaryimage\",\"url\":\"https:\\\/\\\/trueprojekte.com\\\/foto\\\/wp-content\\\/uploads\\\/Fortgeschrittene.png\",\"contentUrl\":\"https:\\\/\\\/trueprojekte.com\\\/foto\\\/wp-content\\\/uploads\\\/Fortgeschrittene.png\",\"width\":570,\"height\":570},{\"@type\":\"BreadcrumbList\",\"@id\":\"https:\\\/\\\/trueprojekte.com\\\/foto\\\/ausbildung\\\/#breadcrumb\",\"itemListElement\":[{\"@type\":\"ListItem\",\"position\":1,\"name\":\"Startseite\",\"item\":\"https:\\\/\\\/trueprojekte.com\\\/foto\\\/\"},{\"@type\":\"ListItem\",\"position\":2,\"name\":\"Ausbildung\"}]},{\"@type\":\"WebSite\",\"@id\":\"https:\\\/\\\/trueprojekte.com\\\/foto\\\/#website\",\"url\":\"https:\\\/\\\/trueprojekte.com\\\/foto\\\/\",\"name\":\"True Photo\",\"description\":\"Emotionale Portr\u00e4ts, originelle Wandbilder, Bilder wie Sie wollen\",\"publisher\":{\"@id\":\"https:\\\/\\\/trueprojekte.com\\\/foto\\\/#organization\"},\"potentialAction\":[{\"@type\":\"SearchAction\",\"target\":{\"@type\":\"EntryPoint\",\"urlTemplate\":\"https:\\\/\\\/trueprojekte.com\\\/foto\\\/?s={search_term_string}\"},\"query-input\":{\"@type\":\"PropertyValueSpecification\",\"valueRequired\":true,\"valueName\":\"search_term_string\"}}],\"inLanguage\":\"de\"},{\"@type\":\"Organization\",\"@id\":\"https:\\\/\\\/trueprojekte.com\\\/foto\\\/#organization\",\"name\":\"True Photo Zug\",\"url\":\"https:\\\/\\\/trueprojekte.com\\\/foto\\\/\",\"logo\":{\"@type\":\"ImageObject\",\"inLanguage\":\"de\",\"@id\":\"https:\\\/\\\/trueprojekte.com\\\/foto\\\/#\\\/schema\\\/logo\\\/image\\\/\",\"url\":\"https:\\\/\\\/trueprojekte.com\\\/foto\\\/wp-content\\\/uploads\\\/cropped-Dohle_Luzern-105-480x420-Kopie-6.png\",\"contentUrl\":\"https:\\\/\\\/trueprojekte.com\\\/foto\\\/wp-content\\\/uploads\\\/cropped-Dohle_Luzern-105-480x420-Kopie-6.png\",\"width\":512,\"height\":512,\"caption\":\"True Photo Zug\"},\"image\":{\"@id\":\"https:\\\/\\\/trueprojekte.com\\\/foto\\\/#\\\/schema\\\/logo\\\/image\\\/\"},\"sameAs\":[\"https:\\\/\\\/www.facebook.com\\\/true3715\",\"https:\\\/\\\/www.instagram.com\\\/truebilder\"]}]}<\/script>\n<!-- \/ Yoast SEO plugin. -->","yoast_head_json":{"title":"Ausbildung - Emotionale Portr\u00e4ts, originelle Wandbilder","robots":{"index":"index","follow":"follow","max-snippet":"max-snippet:-1","max-image-preview":"max-image-preview:large","max-video-preview":"max-video-preview:-1"},"canonical":"https:\/\/trueprojekte.com\/foto\/ausbildung\/","og_locale":"de_DE","og_type":"article","og_title":"Ausbildung - Emotionale Portr\u00e4ts, originelle Wandbilder","og_description":"&nbsp; \u00a0 Bildgestaltung f\u00fcr Fortgeschrittene entstand aus Bildern im Fundus von True Photo f\u00fcr den Fotoclub Baar Inwil (FOBI) Lichtgestaltung f\u00fcr Fortgeschrittene: Riesendank an Darleen Pfister vom\u00a0Generationentandem, sehr begabt als Model und Kritikerin; Daniel Br\u00e4ndli, dem bekannten Fotografen danbrandlee.ch \u00a0 der die die Situationsbilder machte sowie dem Generationentandem\u00a0\u00a0f\u00fcr Raum und Lampen Bilder statt F\u00f6teli entstand [&hellip;]","og_url":"https:\/\/trueprojekte.com\/foto\/ausbildung\/","og_site_name":"Emotionale Portr\u00e4ts, originelle Wandbilder","article_publisher":"https:\/\/www.facebook.com\/true3715","article_modified_time":"2023-06-25T16:52:01+00:00","og_image":[{"width":570,"height":570,"url":"https:\/\/trueprojekte.com\/foto\/wp-content\/uploads\/Fortgeschrittene.png","type":"image\/png"}],"schema":{"@context":"https:\/\/schema.org","@graph":[{"@type":"WebPage","@id":"https:\/\/trueprojekte.com\/foto\/ausbildung\/","url":"https:\/\/trueprojekte.com\/foto\/ausbildung\/","name":"Ausbildung - Emotionale Portr\u00e4ts, originelle Wandbilder","isPartOf":{"@id":"https:\/\/trueprojekte.com\/foto\/#website"},"primaryImageOfPage":{"@id":"https:\/\/trueprojekte.com\/foto\/ausbildung\/#primaryimage"},"image":{"@id":"https:\/\/trueprojekte.com\/foto\/ausbildung\/#primaryimage"},"thumbnailUrl":"https:\/\/trueprojekte.com\/foto\/wp-content\/uploads\/Fortgeschrittene-300x300.png","datePublished":"2023-06-21T06:34:02+00:00","dateModified":"2023-06-25T16:52:01+00:00","breadcrumb":{"@id":"https:\/\/trueprojekte.com\/foto\/ausbildung\/#breadcrumb"},"inLanguage":"de","potentialAction":[{"@type":"ReadAction","target":["https:\/\/trueprojekte.com\/foto\/ausbildung\/"]}]},{"@type":"ImageObject","inLanguage":"de","@id":"https:\/\/trueprojekte.com\/foto\/ausbildung\/#primaryimage","url":"https:\/\/trueprojekte.com\/foto\/wp-content\/uploads\/Fortgeschrittene.png","contentUrl":"https:\/\/trueprojekte.com\/foto\/wp-content\/uploads\/Fortgeschrittene.png","width":570,"height":570},{"@type":"BreadcrumbList","@id":"https:\/\/trueprojekte.com\/foto\/ausbildung\/#breadcrumb","itemListElement":[{"@type":"ListItem","position":1,"name":"Startseite","item":"https:\/\/trueprojekte.com\/foto\/"},{"@type":"ListItem","position":2,"name":"Ausbildung"}]},{"@type":"WebSite","@id":"https:\/\/trueprojekte.com\/foto\/#website","url":"https:\/\/trueprojekte.com\/foto\/","name":"True Photo","description":"Emotionale Portr\u00e4ts, originelle Wandbilder, Bilder wie Sie wollen","publisher":{"@id":"https:\/\/trueprojekte.com\/foto\/#organization"},"potentialAction":[{"@type":"SearchAction","target":{"@type":"EntryPoint","urlTemplate":"https:\/\/trueprojekte.com\/foto\/?s={search_term_string}"},"query-input":{"@type":"PropertyValueSpecification","valueRequired":true,"valueName":"search_term_string"}}],"inLanguage":"de"},{"@type":"Organization","@id":"https:\/\/trueprojekte.com\/foto\/#organization","name":"True Photo Zug","url":"https:\/\/trueprojekte.com\/foto\/","logo":{"@type":"ImageObject","inLanguage":"de","@id":"https:\/\/trueprojekte.com\/foto\/#\/schema\/logo\/image\/","url":"https:\/\/trueprojekte.com\/foto\/wp-content\/uploads\/cropped-Dohle_Luzern-105-480x420-Kopie-6.png","contentUrl":"https:\/\/trueprojekte.com\/foto\/wp-content\/uploads\/cropped-Dohle_Luzern-105-480x420-Kopie-6.png","width":512,"height":512,"caption":"True Photo Zug"},"image":{"@id":"https:\/\/trueprojekte.com\/foto\/#\/schema\/logo\/image\/"},"sameAs":["https:\/\/www.facebook.com\/true3715","https:\/\/www.instagram.com\/truebilder"]}]}},"_links":{"self":[{"href":"https:\/\/trueprojekte.com\/foto\/wp-json\/wp\/v2\/pages\/8197","targetHints":{"allow":["GET"]}}],"collection":[{"href":"https:\/\/trueprojekte.com\/foto\/wp-json\/wp\/v2\/pages"}],"about":[{"href":"https:\/\/trueprojekte.com\/foto\/wp-json\/wp\/v2\/types\/page"}],"author":[{"embeddable":true,"href":"https:\/\/trueprojekte.com\/foto\/wp-json\/wp\/v2\/users\/2"}],"replies":[{"embeddable":true,"href":"https:\/\/trueprojekte.com\/foto\/wp-json\/wp\/v2\/comments?post=8197"}],"version-history":[{"count":0,"href":"https:\/\/trueprojekte.com\/foto\/wp-json\/wp\/v2\/pages\/8197\/revisions"}],"wp:attachment":[{"href":"https:\/\/trueprojekte.com\/foto\/wp-json\/wp\/v2\/media?parent=8197"}],"curies":[{"name":"wp","href":"https:\/\/api.w.org\/{rel}","templated":true}]}}